{"id":496,"date":"2017-06-13T19:23:02","date_gmt":"2017-06-13T18:23:02","guid":{"rendered":"http:\/\/chuchoter.ch\/?page_id=496"},"modified":"2024-11-21T21:30:04","modified_gmt":"2024-11-21T20:30:04","slug":"jonathan-perrot","status":"publish","type":"page","link":"http:\/\/chuchoter.ch\/?page_id=496","title":{"rendered":"jonathan perrot"},"content":{"rendered":"\n<figure class=\"wp-block-image\"><a href=\"http:\/\/www.jonathan-perrot.ch\/jonathan-perrot\/\"><img loading=\"lazy\" decoding=\"async\" width=\"1024\" height=\"675\" src=\"http:\/\/chuchoter.ch\/wp-content\/uploads\/2017\/06\/DSC7860-1024x675.jpg\" alt=\"\" class=\"wp-image-501\" srcset=\"http:\/\/chuchoter.ch\/wp-content\/uploads\/2017\/06\/DSC7860-1024x675.jpg 1024w, http:\/\/chuchoter.ch\/wp-content\/uploads\/2017\/06\/DSC7860-300x198.jpg 300w, http:\/\/chuchoter.ch\/wp-content\/uploads\/2017\/06\/DSC7860-768x507.jpg 768w, http:\/\/chuchoter.ch\/wp-content\/uploads\/2017\/06\/DSC7860-720x475.jpg 720w\" sizes=\"auto, (max-width: 1024px) 100vw, 1024px\" \/><\/a><\/figure>\n\n\n\n<p>N\u00e9 en 1983, dipl\u00f4m\u00e9 en 2006 de l&rsquo;\u00e9cole sup\u00e9rieure des beaux arts de Gen\u00e8ve, j&rsquo;entreprends des \u00e9tudes d&rsquo;informatique en cr\u00e9ation de site internet, animation, vid\u00e9o, pao et 3D.<\/p>\n\n\n\n<figure class=\"wp-block-image alignnone\"><a href=\"http:\/\/chuchoter.ch\/wp-content\/uploads\/2017\/06\/Jonathan-Perrot-1986.jpg\" rel=\"lightbox[496]\"><img loading=\"lazy\" decoding=\"async\" width=\"300\" height=\"290\" src=\"http:\/\/chuchoter.ch\/wp-content\/uploads\/2017\/06\/Jonathan-Perrot-1986-300x290.jpg\" alt=\"photographie de Ilmari Kalkkinen\" class=\"wp-image-2305\" srcset=\"http:\/\/chuchoter.ch\/wp-content\/uploads\/2017\/06\/Jonathan-Perrot-1986-300x290.jpg 300w, http:\/\/chuchoter.ch\/wp-content\/uploads\/2017\/06\/Jonathan-Perrot-1986-768x743.jpg 768w, http:\/\/chuchoter.ch\/wp-content\/uploads\/2017\/06\/Jonathan-Perrot-1986-99x96.jpg 99w, http:\/\/chuchoter.ch\/wp-content\/uploads\/2017\/06\/Jonathan-Perrot-1986.jpg 813w\" sizes=\"auto, (max-width: 300px) 100vw, 300px\" \/><\/a><figcaption class=\"wp-element-caption\">Jonathan Perrot &#8211; photographie de Ilmari Kalkkinen<\/figcaption><\/figure>\n\n\n\n<p>A partir de 2008, j&rsquo;effectue des remplacements en Art Visuel, au DIP, o\u00f9 j&rsquo;ai l&rsquo;occasion de travailler avec des enfants de l&rsquo;\u00e9cole primaire. Je passe pr\u00e8s de 5 ans \u00e0 travailler dans divers ateliers du canton de Gen\u00e8ve avec des populations de personnes \u00e2g\u00e9es et en situation de handicap, dans un contexte cr\u00e9atif, de loisir ou professionnel.<\/p>\n\n\n\n<p>En 2012, Le photographe officiel du MAMCO pendant 2 d\u00e9cennies, monsieur <a href=\"http:\/\/photographis-studio.ch\/\" target=\"_blank\" rel=\"noopener noreferrer\">ilmari kalkkinen<\/a>, me prend sous son aile et partage avec moi sa passion pendant 5 belles ann\u00e9es avant de prendre sa retraite.<\/p>\n\n\n\n<p>J&rsquo;ai accompagn\u00e9 ce photographe sur de nombreux terrains, pour r\u00e9aliser des reproductions d&rsquo;oeuvres d&rsquo;arts, des photographies de maquettes, des portraits, des projets d&rsquo;artistes et des couvertures d&rsquo;\u00e9v\u00e9nements, plus r\u00e9cemment de la vid\u00e9o et des prises de vues a\u00e9riennes.<\/p>\n\n\n\n<p>Je r\u00e9alise r\u00e9guli\u00e8rement des s\u00e9ances photos orient\u00e9es: <a href=\"http:\/\/chuchoter.ch\/?p=112\">art<\/a>, <a href=\"http:\/\/chuchoter.ch\/?p=153\">mode<\/a>, <a href=\"http:\/\/chuchoter.ch\/?p=202\">danse<\/a>, <a href=\"http:\/\/chuchoter.ch\/?p=230\">musique<\/a>, <a href=\"http:\/\/chuchoter.ch\/?p=1730\">maternit\u00e9<\/a>, <a href=\"http:\/\/chuchoter.ch\/?p=170\">famille<\/a>, <a href=\"http:\/\/chuchoter.ch\/?p=241\">homme<\/a>, <a href=\"http:\/\/chuchoter.ch\/?p=258\">femme<\/a>, <a href=\"http:\/\/chuchoter.ch\/?p=170\">enfants<\/a>, <a href=\"http:\/\/chuchoter.ch\/?p=192\">couple<\/a>, <a href=\"http:\/\/chuchoter.ch\/?p=230\">\u00e9v\u00e9nement<\/a>, <a href=\"http:\/\/chuchoter.ch\/?p=151\">animaux<\/a>, <a href=\"http:\/\/chuchoter.ch\/?p=1722\">pub<\/a>, <a href=\"http:\/\/chuchoter.ch\/?p=156\">th\u00e9\u00e2tre <\/a>ou <a href=\"http:\/\/chuchoter.ch\/?p=202\">sport <\/a>en studio ou en ext\u00e9rieur.<\/p>\n\n\n\n<p>J&rsquo;ai eu l&rsquo;occasion de travailler pour des partenaires passionnants et prestigieux dans le monde de l&rsquo;art.<\/p>\n\n\n\n<p>Le plus gros collectionneur d&rsquo;art moderne de la ville de Gen\u00e8ve, Pierre Huber, fondateur de la galerie <a href=\"http:\/\/www.artpublic.ch\/\" target=\"_blank\" rel=\"noopener noreferrer\">Art&amp;Public<\/a>, m&rsquo;\u00e0 notamment mandat\u00e9 pour r\u00e9aliser un catalogue, une visite virtuelle en 3D et aussi adapter une vid\u00e9o de pr\u00e9sentation de sa collection.<\/p>\n\n\n\n<p>Amoureux de la nature et toujours curieux de lier le sauvage et le technologique, je reste en formation continue perp\u00e9tuelle. J&rsquo;apprend \u00e0 piloter des drones, \u00e0 r\u00e9aliser des photogram\u00e9tries en 3D, je persiste \u00e0 jongler avec des programmes toujours plus puissants et innovants.<\/p>\n\n\n\n<p>Je vais continuer \u00e0 faire des rencontres et \u00e0 donner du plaisir gr\u00e2ce \u00e0 mes comp\u00e9tences et \u00e0 ma cr\u00e9ativit\u00e9.<\/p>\n\n\n\n<p><a href=\"http:\/\/www.jonathan-perrot.ch\/pdf\/jonathan-perceval-perrot-curriculum-vitae-2017.pdf\" target=\"_blank\" rel=\"noopener noreferrer\">mon cv<\/a><\/p>\n\n\n\n<p><a href=\"http:\/\/www.jonathan-perrot.ch\/pdf\/jonathan_perrot_titres_certificats.pdf\" target=\"_blank\" rel=\"noopener noreferrer\">mes dipl\u00f4mes<\/a><\/p>\n\n\n\n<p>mon site internet portfolio photographique<\/p>\n\n\n\n<p><a rel=\"noopener noreferrer\" href=\"http:\/\/chuchoter.ch\" target=\"_blank\"> chuchoter.ch<\/a><\/p>\n\n\n\n<p>mon site internet laboratoire artistique<\/p>\n\n\n\n<p><a href=\"http:\/\/www.jonathan-perrot.ch\/\" target=\"_blank\" rel=\"noopener noreferrer\"> jonathan-perrot.ch<\/a><\/p>\n\n\n\n<p>le site internet du studio<\/p>\n\n\n\n<p><a href=\"http:\/\/www.photographis-studio.ch\" target=\"_blank\" rel=\"noopener noreferrer\"> photographis-studio.ch<\/a><\/p>\n\n\n\n<p>me contacter: <a href=\"http:\/\/079 938 88 30\">079 938 88 30<\/a> \/ <a href=\"mailto:admin@jonathan-perrot.ch\">admin@jonathan-perrot.ch<\/a><\/p>\n\n\n\n<figure class=\"wp-block-image\"><a href=\"http:\/\/www.jonathan-perrot.ch\/jonathan-perrot\/\" target=\"_blank\" rel=\"noopener noreferrer\"><img loading=\"lazy\" decoding=\"async\" width=\"768\" height=\"1024\" src=\"http:\/\/chuchoter.ch\/wp-content\/uploads\/2017\/06\/jonathan-perrot-drone-grutli-performance-768x1024.png\" alt=\"\" class=\"wp-image-504\" srcset=\"http:\/\/chuchoter.ch\/wp-content\/uploads\/2017\/06\/jonathan-perrot-drone-grutli-performance-768x1024.png 768w, http:\/\/chuchoter.ch\/wp-content\/uploads\/2017\/06\/jonathan-perrot-drone-grutli-performance-225x300.png 225w, http:\/\/chuchoter.ch\/wp-content\/uploads\/2017\/06\/jonathan-perrot-drone-grutli-performance-720x960.png 720w, http:\/\/chuchoter.ch\/wp-content\/uploads\/2017\/06\/jonathan-perrot-drone-grutli-performance.png 864w\" sizes=\"auto, (max-width: 768px) 100vw, 768px\" \/><\/a><\/figure>\n\n\n\n<p>quelques infos techniques:<\/p>\n\n\n\n<p>je travaille avec des flash de la marque&nbsp;\u00ab\u00a0elinchrom\u00a0\u00bb, une paire de relflexs \u00ab\u00a0sony a900\u00a0\u00bb 24m de pixels, trois objectifs de la marque \u00ab\u00a0zeiss\u00a0\u00bb et des lampes sur batterie de la marque \u00ab\u00a0ranger\u00a0\u00bb.<\/p>\n\n\n\n<p>j&rsquo;ai poss\u00e9de un studio photo avec des fonds de 3m de large et suis pr\u00eat \u00e0 me d\u00e9placer partout dans le monde.<\/p>\n\n\n\n<p>j&rsquo;ai fais l&rsquo;acquisition d&rsquo;un drone \u00ab\u00a0phantom4\u00a0\u00bb munis d&rsquo;une camera 4K de la marque \u00ab\u00a0dji\u00a0\u00bb.<\/p>\n\n\n\n<p>je travail quotidiennement avec photoshop et lightroom, install\u00e9s sur des ordinateurs \u00ab\u00a0asus\u00a0\u00bb assez puissants pour les programmes de cr\u00e9ation 3D.<\/p>\n\n\n\n<figure class=\"wp-block-image\"><a href=\"http:\/\/www.jonathan-perrot.ch\/jonathan-perrot\/\" target=\"_blank\" rel=\"noopener noreferrer\"><img loading=\"lazy\" decoding=\"async\" width=\"1024\" height=\"682\" src=\"http:\/\/chuchoter.ch\/wp-content\/uploads\/2017\/06\/jonathan-perrot-photo-geneve-001-549-1024x682.jpg\" alt=\"\" class=\"wp-image-507\" srcset=\"http:\/\/chuchoter.ch\/wp-content\/uploads\/2017\/06\/jonathan-perrot-photo-geneve-001-549-1024x682.jpg 1024w, http:\/\/chuchoter.ch\/wp-content\/uploads\/2017\/06\/jonathan-perrot-photo-geneve-001-549-300x200.jpg 300w, http:\/\/chuchoter.ch\/wp-content\/uploads\/2017\/06\/jonathan-perrot-photo-geneve-001-549-768x512.jpg 768w, http:\/\/chuchoter.ch\/wp-content\/uploads\/2017\/06\/jonathan-perrot-photo-geneve-001-549-720x480.jpg 720w\" sizes=\"auto, (max-width: 1024px) 100vw, 1024px\" \/><\/a><\/figure>\n\n\n\n<figure class=\"wp-block-image\"><a href=\"http:\/\/www.jonathan-perrot.ch\/jonathan-perrot\/\" target=\"_blank\" rel=\"noopener noreferrer\"><img loading=\"lazy\" decoding=\"async\" width=\"683\" height=\"1024\" src=\"http:\/\/chuchoter.ch\/wp-content\/uploads\/2017\/06\/jonathan-perrot-photo-geneve-001-555-683x1024.jpg\" alt=\"\" class=\"wp-image-508\" srcset=\"http:\/\/chuchoter.ch\/wp-content\/uploads\/2017\/06\/jonathan-perrot-photo-geneve-001-555-683x1024.jpg 683w, http:\/\/chuchoter.ch\/wp-content\/uploads\/2017\/06\/jonathan-perrot-photo-geneve-001-555-200x300.jpg 200w, http:\/\/chuchoter.ch\/wp-content\/uploads\/2017\/06\/jonathan-perrot-photo-geneve-001-555-768x1152.jpg 768w, http:\/\/chuchoter.ch\/wp-content\/uploads\/2017\/06\/jonathan-perrot-photo-geneve-001-555-720x1080.jpg 720w, http:\/\/chuchoter.ch\/wp-content\/uploads\/2017\/06\/jonathan-perrot-photo-geneve-001-555.jpg 1667w\" sizes=\"auto, (max-width: 683px) 100vw, 683px\" \/><\/a><\/figure>\n\n\n<div class=\"wp-block-image\">\n<figure class=\"aligncenter\"><a href=\"http:\/\/www.jonathan-perrot.ch\/jonathan-perrot\/\" target=\"_blank\" rel=\"noopener noreferrer\"><img loading=\"lazy\" decoding=\"async\" width=\"1024\" height=\"785\" src=\"http:\/\/chuchoter.ch\/wp-content\/uploads\/2017\/06\/jonathan-perrot-sculpteur-photographe-suisse-001-1-1024x785.jpg\" alt=\"\" class=\"wp-image-509\" srcset=\"http:\/\/chuchoter.ch\/wp-content\/uploads\/2017\/06\/jonathan-perrot-sculpteur-photographe-suisse-001-1-1024x785.jpg 1024w, http:\/\/chuchoter.ch\/wp-content\/uploads\/2017\/06\/jonathan-perrot-sculpteur-photographe-suisse-001-1-300x230.jpg 300w, http:\/\/chuchoter.ch\/wp-content\/uploads\/2017\/06\/jonathan-perrot-sculpteur-photographe-suisse-001-1-768x589.jpg 768w, http:\/\/chuchoter.ch\/wp-content\/uploads\/2017\/06\/jonathan-perrot-sculpteur-photographe-suisse-001-1-720x552.jpg 720w\" sizes=\"auto, (max-width: 1024px) 100vw, 1024px\" \/><\/a><\/figure><\/div>\n\n\n<figure class=\"wp-block-image\"><a href=\"http:\/\/www.jonathan-perrot.ch\/jonathan-perrot\/\" target=\"_blank\" rel=\"noopener noreferrer\"><img loading=\"lazy\" decoding=\"async\" width=\"682\" height=\"1024\" src=\"http:\/\/chuchoter.ch\/wp-content\/uploads\/2017\/06\/perrot_photographie_geneve_001-121-682x1024.jpg\" alt=\"\" class=\"wp-image-586\" srcset=\"http:\/\/chuchoter.ch\/wp-content\/uploads\/2017\/06\/perrot_photographie_geneve_001-121-682x1024.jpg 682w, http:\/\/chuchoter.ch\/wp-content\/uploads\/2017\/06\/perrot_photographie_geneve_001-121-200x300.jpg 200w, http:\/\/chuchoter.ch\/wp-content\/uploads\/2017\/06\/perrot_photographie_geneve_001-121-768x1152.jpg 768w, http:\/\/chuchoter.ch\/wp-content\/uploads\/2017\/06\/perrot_photographie_geneve_001-121-720x1080.jpg 720w, http:\/\/chuchoter.ch\/wp-content\/uploads\/2017\/06\/perrot_photographie_geneve_001-121.jpg 1133w\" sizes=\"auto, (max-width: 682px) 100vw, 682px\" \/><\/a><\/figure>\n\n\n\n<figure class=\"wp-block-image\"><a href=\"http:\/\/www.jonathan-perrot.ch\/jonathan-perrot\/\" target=\"_blank\" rel=\"noopener noreferrer\"><img loading=\"lazy\" decoding=\"async\" width=\"683\" height=\"1024\" src=\"http:\/\/chuchoter.ch\/wp-content\/uploads\/2017\/06\/jonathan-perrot-photographe-2016-180-683x1024.jpg\" alt=\"\" class=\"wp-image-589\" srcset=\"http:\/\/chuchoter.ch\/wp-content\/uploads\/2017\/06\/jonathan-perrot-photographe-2016-180-683x1024.jpg 683w, http:\/\/chuchoter.ch\/wp-content\/uploads\/2017\/06\/jonathan-perrot-photographe-2016-180-200x300.jpg 200w, http:\/\/chuchoter.ch\/wp-content\/uploads\/2017\/06\/jonathan-perrot-photographe-2016-180-768x1152.jpg 768w, http:\/\/chuchoter.ch\/wp-content\/uploads\/2017\/06\/jonathan-perrot-photographe-2016-180-720x1080.jpg 720w\" sizes=\"auto, (max-width: 683px) 100vw, 683px\" \/><\/a><\/figure>\n\n\n\n<p><\/p>\n","protected":false},"excerpt":{"rendered":"<p>N\u00e9 en 1983, dipl\u00f4m\u00e9 en 2006 de l&rsquo;\u00e9cole sup\u00e9rieure des beaux arts de Gen\u00e8ve, j&rsquo;entreprends des \u00e9tudes d&rsquo;informatique en cr\u00e9ation de site internet, animation, vid\u00e9o, pao et 3D. A partir de 2008, j&rsquo;effectue des remplacements en Art Visuel, au DIP, o\u00f9 j&rsquo;ai l&rsquo;occasion de travailler avec des enfants de l&rsquo;\u00e9cole primaire. Je passe pr\u00e8s de 5 ans \u00e0 travailler dans divers ateliers du canton de Gen\u00e8ve avec des populations de personnes \u00e2g\u00e9es et en situation de handicap, dans un contexte<a class=\"more-link\" href=\"http:\/\/chuchoter.ch\/?page_id=496\"><span>Read More<\/span><\/a><\/p>\n","protected":false},"author":1,"featured_media":2143,"parent":0,"menu_order":0,"comment_status":"closed","ping_status":"closed","template":"","meta":{"footnotes":""},"class_list":["post-496","page","type-page","status-publish","has-post-thumbnail","hentry"],"_links":{"self":[{"href":"http:\/\/chuchoter.ch\/index.php?rest_route=\/wp\/v2\/pages\/496","targetHints":{"allow":["GET"]}}],"collection":[{"href":"http:\/\/chuchoter.ch\/index.php?rest_route=\/wp\/v2\/pages"}],"about":[{"href":"http:\/\/chuchoter.ch\/index.php?rest_route=\/wp\/v2\/types\/page"}],"author":[{"embeddable":true,"href":"http:\/\/chuchoter.ch\/index.php?rest_route=\/wp\/v2\/users\/1"}],"replies":[{"embeddable":true,"href":"http:\/\/chuchoter.ch\/index.php?rest_route=%2Fwp%2Fv2%2Fcomments&post=496"}],"version-history":[{"count":85,"href":"http:\/\/chuchoter.ch\/index.php?rest_route=\/wp\/v2\/pages\/496\/revisions"}],"predecessor-version":[{"id":2850,"href":"http:\/\/chuchoter.ch\/index.php?rest_route=\/wp\/v2\/pages\/496\/revisions\/2850"}],"wp:featuredmedia":[{"embeddable":true,"href":"http:\/\/chuchoter.ch\/index.php?rest_route=\/wp\/v2\/media\/2143"}],"wp:attachment":[{"href":"http:\/\/chuchoter.ch\/index.php?rest_route=%2Fwp%2Fv2%2Fmedia&parent=496"}],"curies":[{"name":"wp","href":"https:\/\/api.w.org\/{rel}","templated":true}]}}